{"id":76,"date":"2023-03-18T22:56:16","date_gmt":"2023-03-18T21:56:16","guid":{"rendered":"http:\/\/harpiste-pianiste-lyslana.com\/?page_id=76"},"modified":"2026-04-20T16:51:13","modified_gmt":"2026-04-20T14:51:13","slug":"a-propos-de-moi","status":"publish","type":"page","link":"https:\/\/harpiste-pianiste-lyslana.com\/index.php\/a-propos-de-moi\/","title":{"rendered":"\u00c0 propos de moi"},"content":{"rendered":"<div data-colibri-id=\"76-c1\" class=\"style-666 style-local-76-c1 position-relative\">\n  <!---->\n  <div data-colibri-component=\"section\" data-colibri-id=\"76-c2\" data-aos=\"fadeIn\" id=\"about\" class=\"h-section h-section-global-spacing d-flex align-items-lg-center align-items-md-center align-items-center style-674 style-local-76-c2 position-relative\">\n    <!---->\n    <!---->\n    <div class=\"h-section-grid-container h-section-boxed-container\">\n      <!---->\n      <div data-colibri-id=\"76-c3\" class=\"h-row-container gutters-row-lg-0 gutters-row-md-0 gutters-row-0 gutters-row-v-lg-0 gutters-row-v-md-0 gutters-row-v-0 style-675 style-local-76-c3 position-relative\">\n        <!---->\n        <div class=\"h-row justify-content-lg-center justify-content-md-center justify-content-center align-items-lg-stretch align-items-md-stretch align-items-stretch gutters-col-lg-0 gutters-col-md-0 gutters-col-0 gutters-col-v-lg-0 gutters-col-v-md-0 gutters-col-v-0\">\n          <!---->\n          <div class=\"h-column h-column-container d-flex h-col-lg-auto h-col-md-auto h-col-auto style-676-outer style-local-76-c4-outer\">\n            <div data-colibri-id=\"76-c4\" class=\"d-flex h-flex-basis h-column__inner h-ui-empty-state-container h-px-lg-0 h-px-md-0 h-px-0 v-inner-lg-0 v-inner-md-0 v-inner-0 style-676 style-local-76-c4 position-relative\">\n              <!---->\n              <!---->\n              <div class=\"w-100 h-y-container h-column__content h-column__v-align flex-basis-100\">\n                <!---->\n              <\/div>\n            <\/div>\n          <\/div>\n          <div data-aos=\"fadeIn\" class=\"h-column h-column-container d-flex h-col-lg-auto h-col-md-auto h-col-auto style-677-outer style-local-76-c5-outer\">\n            <div data-colibri-id=\"76-c5\" class=\"d-flex h-flex-basis h-column__inner h-px-lg-2 h-px-md-2 h-px-2 v-inner-lg-2 v-inner-md-2 v-inner-2 style-677 style-local-76-c5 position-relative\">\n              <!---->\n              <!---->\n              <div class=\"w-100 h-y-container h-column__content h-column__v-align flex-basis-100 align-self-lg-start align-self-md-start align-self-start\">\n                <!---->\n                <div data-colibri-id=\"76-c6\" class=\"h-global-transition-all h-heading style-678 style-local-76-c6 position-relative h-element\">\n                  <!---->\n                  <div class=\"h-heading__outer style-678 style-local-76-c6\">\n                    <!---->\n                    <!---->\n                    <h4 class=\"\"><span style=\"font-family: Cormorant;\">Lyslana Gaucher-Pradelle<\/span><\/h4>\n                  <\/div>\n                <\/div>\n                <div data-colibri-id=\"76-c7\" class=\"h-text h-text-component style-1538 style-local-76-c7 position-relative h-element\">\n                  <!---->\n                  <!---->\n                  <div class=\"\">\n                    <p>Harpiste dipl\u00f4m\u00e9e du P\u00f4le sup\u00e9rieur de musique de Paris, et de la Sorbonne en Musicologie.&nbsp;<\/p>\n                    <p>\u00c9galement pianiste, compositeure-interpr\u00e8te<\/p>\n                    <p>Formation \u00e0 l\u2019orchestre et \u00e0 la musique de chambre et sp\u00e9cialisation dans la harpe soliste.<\/p>\n                    <p>Aborde un r\u00e9pertoire novateur \u00e0 la harpe, passant par tous les styles: musique classique, musique de film, vari\u00e9t\u00e9, musique pop, jazz.<\/p>\n                    <p>De formation classique au P\u00f4le sup\u00e9rieur de Paris, je modernise la harpe et vous fait d\u00e9couvrir d&rsquo;autres facettes de cet instrument parfois m\u00e9connu.<\/p>\n                    <p>\n                      <br>\n                    <\/p>\n                  <\/div>\n                <\/div>\n                <div data-colibri-id=\"76-c8\" class=\"h-x-container style-1520 style-local-76-c8 position-relative h-element\">\n                  <!---->\n                  <div class=\"h-x-container-inner style-dynamic-76-c8-group style-1520-spacing style-local-76-c8-spacing\"><span class=\"h-button__outer style-1521-outer style-local-76-c9-outer d-inline-flex h-element\"><a h-use-smooth-scroll=\"true\" href=\"http:\/\/harpiste-pianiste-lyslana.com\/index.php\/galerie\/ \"  data-colibri-id=\"76-c9\" class=\"d-flex w-100 align-items-center h-button justify-content-lg-center justify-content-md-center justify-content-center style-1521 style-local-76-c9 position-relative\"><!----><!----> <span>Voir plus<\/span><\/a>\n                    <\/span><span class=\"h-button__outer style-1522-outer style-local-76-c10-outer d-inline-flex h-element\"><a h-use-smooth-scroll=\"true\" href=\"http:\/\/harpiste-pianiste-lyslana.com\/index.php\/contact\/ \"  data-colibri-id=\"76-c10\" class=\"d-flex w-100 align-items-center h-button justify-content-lg-center justify-content-md-center justify-content-center style-1522 style-local-76-c10 position-relative\"><!----><!----> <span>Contactez-moi<\/span><\/a>\n                    <\/span>\n                  <\/div>\n                <\/div>\n              <\/div>\n            <\/div>\n          <\/div>\n        <\/div>\n      <\/div>\n    <\/div>\n  <\/div>\n<\/div>","protected":false},"excerpt":{"rendered":"<p>Lyslana Gaucher-Pradelle Harpiste dipl\u00f4m\u00e9e du P\u00f4le sup\u00e9rieur de musique de Paris, et de la Sorbonne en Musicologie.&nbsp; \u00c9galement pianiste, compositeure-interpr\u00e8te Formation \u00e0 l\u2019orchestre et \u00e0 la musique de chambre et sp\u00e9cialisation dans la harpe soliste. Aborde un r\u00e9pertoire novateur \u00e0 la harpe, passant par tous les styles: musique classique, musique de film, vari\u00e9t\u00e9, musique pop, [&hellip;]<\/p>\n","protected":false},"author":1,"featured_media":0,"parent":0,"menu_order":0,"comment_status":"closed","ping_status":"closed","template":"page-templates\/full-width-page.php","meta":{"om_disable_all_campaigns":false,"_monsterinsights_skip_tracking":false,"_monsterinsights_sitenote_active":false,"_monsterinsights_sitenote_note":"","_monsterinsights_sitenote_category":0,"footnotes":""},"class_list":["post-76","page","type-page","status-publish","hentry"],"aioseo_notices":[],"_links":{"self":[{"href":"https:\/\/harpiste-pianiste-lyslana.com\/index.php\/wp-json\/wp\/v2\/pages\/76","targetHints":{"allow":["GET"]}}],"collection":[{"href":"https:\/\/harpiste-pianiste-lyslana.com\/index.php\/wp-json\/wp\/v2\/pages"}],"about":[{"href":"https:\/\/harpiste-pianiste-lyslana.com\/index.php\/wp-json\/wp\/v2\/types\/page"}],"author":[{"embeddable":true,"href":"https:\/\/harpiste-pianiste-lyslana.com\/index.php\/wp-json\/wp\/v2\/users\/1"}],"replies":[{"embeddable":true,"href":"https:\/\/harpiste-pianiste-lyslana.com\/index.php\/wp-json\/wp\/v2\/comments?post=76"}],"version-history":[{"count":20,"href":"https:\/\/harpiste-pianiste-lyslana.com\/index.php\/wp-json\/wp\/v2\/pages\/76\/revisions"}],"predecessor-version":[{"id":3312,"href":"https:\/\/harpiste-pianiste-lyslana.com\/index.php\/wp-json\/wp\/v2\/pages\/76\/revisions\/3312"}],"wp:attachment":[{"href":"https:\/\/harpiste-pianiste-lyslana.com\/index.php\/wp-json\/wp\/v2\/media?parent=76"}],"curies":[{"name":"wp","href":"https:\/\/api.w.org\/{rel}","templated":true}]}}